{"id":2228,"date":"2021-08-19T09:38:04","date_gmt":"2021-08-19T13:38:04","guid":{"rendered":"https:\/\/www.curacao-agents.com\/?page_id=2228"},"modified":"2025-07-14T15:59:02","modified_gmt":"2025-07-14T19:59:02","slug":"europa","status":"publish","type":"page","link":"https:\/\/www.curacao-agents.com\/pt-br\/equipe\/europa\/","title":{"rendered":"Europa"},"content":{"rendered":"<p>[et_pb_section fb_built=&#8221;1&#8243; _builder_version=&#8221;4.27.4&#8243; _module_preset=&#8221;default&#8221; background_image=&#8221;https:\/\/www.curacao-agents.com\/wp-content\/uploads\/2025\/03\/Curacao_park.jpg&#8221; custom_margin=&#8221;0px||0px||false|false&#8221; custom_padding=&#8221;0px||0px||false|false&#8221; locked=&#8221;off&#8221; global_colors_info=&#8221;{}&#8221;][et_pb_row module_id=&#8221;hero&#8221; _builder_version=&#8221;4.16&#8243; _module_preset=&#8221;default&#8221; width=&#8221;100%&#8221; height=&#8221;550px&#8221; custom_margin=&#8221;0px||0px||false|false&#8221; custom_padding=&#8221;0px||0px||false|false&#8221; global_colors_info=&#8221;{}&#8221;][et_pb_column type=&#8221;4_4&#8243; _builder_version=&#8221;4.16&#8243; _module_preset=&#8221;default&#8221; global_colors_info=&#8221;{}&#8221;][et_pb_text module_class=&#8221;brandon&#8221; _builder_version=&#8221;4.27.4&#8243; _module_preset=&#8221;default&#8221; text_text_color=&#8221;#FFFFFF&#8221; text_font_size=&#8221;36px&#8221; text_line_height=&#8221;1.1em&#8221; header_font=&#8221;||||||||&#8221; header_text_align=&#8221;center&#8221; header_text_color=&#8221;#FFFFFF&#8221; header_font_size=&#8221;110px&#8221; header_line_height=&#8221;0.9em&#8221; background_enable_image=&#8221;off&#8221; text_orientation=&#8221;center&#8221; width=&#8221;80%&#8221; max_width=&#8221;1080px&#8221; module_alignment=&#8221;center&#8221; header_font_size_tablet=&#8221;&#8221; header_font_size_phone=&#8221;80px&#8221; header_font_size_last_edited=&#8221;on|phone&#8221; locked=&#8221;off&#8221; global_colors_info=&#8221;{}&#8221;]<\/p>\n<h1>EuropA<\/h1>\n<p>[\/et_pb_text][\/et_pb_column][\/et_pb_row][\/et_pb_section][et_pb_section fb_built=&#8221;1&#8243; _builder_version=&#8221;4.16&#8243; _module_preset=&#8221;default&#8221; custom_margin=&#8221;0px||0px||false|false&#8221; custom_padding=&#8221;0px||0px||false|false&#8221; global_colors_info=&#8221;{}&#8221;][et_pb_row _builder_version=&#8221;4.16&#8243; _module_preset=&#8221;default&#8221; global_colors_info=&#8221;{}&#8221;][et_pb_column type=&#8221;4_4&#8243; _builder_version=&#8221;4.16&#8243; _module_preset=&#8221;default&#8221; global_colors_info=&#8221;{}&#8221;][et_pb_menu menu_id=&#8221;10&#8243; active_link_color=&#8221;#F3B038&#8243; module_class=&#8221;no-burger&#8221; _builder_version=&#8221;4.27.4&#8243; _module_preset=&#8221;default&#8221; menu_text_color=&#8221;#004FA3&#8243; global_colors_info=&#8221;{}&#8221;][\/et_pb_menu][\/et_pb_column][\/et_pb_row][\/et_pb_section][et_pb_section fb_built=&#8221;1&#8243; _builder_version=&#8221;4.16&#8243; _module_preset=&#8221;default&#8221; custom_margin=&#8221;0px||||false|false&#8221; custom_padding=&#8221;0px||||false|false&#8221; global_colors_info=&#8221;{}&#8221;][et_pb_row column_structure=&#8221;1_3,1_3,1_3&#8243; _builder_version=&#8221;4.16&#8243; _module_preset=&#8221;default&#8221; custom_margin=&#8221;0px||||false|false&#8221; custom_padding=&#8221;0px||||false|false&#8221; global_colors_info=&#8221;{}&#8221;][et_pb_column type=&#8221;1_3&#8243; _builder_version=&#8221;4.16&#8243; _module_preset=&#8221;default&#8221; global_colors_info=&#8221;{}&#8221;][et_pb_image src=&#8221;https:\/\/www.curacao-agents.com\/wp-content\/uploads\/2021\/08\/team-muryad.jpg&#8221; title_text=&#8221;Muryad de Bruin&#8221; _builder_version=&#8221;4.27.4&#8243; _module_preset=&#8221;default&#8221; hover_enabled=&#8221;0&#8243; global_colors_info=&#8221;{}&#8221; sticky_enabled=&#8221;0&#8243;][\/et_pb_image][et_pb_text disabled_on=&#8221;off|off|off&#8221; _builder_version=&#8221;4.27.4&#8243; _module_preset=&#8221;default&#8221; text_font=&#8221;|300|||||||&#8221; header_4_text_color=&#8221;#004FA3&#8243; header_4_font_size=&#8221;16px&#8221; header_5_font=&#8221;|700||on|||||&#8221; header_5_font_size=&#8221;22px&#8221; header_5_line_height=&#8221;1.3em&#8221; header_6_text_color=&#8221;#004FA3&#8243; header_6_font_size=&#8221;18px&#8221; hover_enabled=&#8221;0&#8243; locked=&#8221;off&#8221; global_colors_info=&#8221;{}&#8221; sticky_enabled=&#8221;0&#8243;]<\/p>\n<h5>Muryad de Bruin \u2013 Diretor-gerente<\/h5>\n<h6>Europa<span><\/span><\/h6>\n<p>[\/et_pb_text][\/et_pb_column][et_pb_column type=&#8221;1_3&#8243; _builder_version=&#8221;4.16&#8243; _module_preset=&#8221;default&#8221; global_colors_info=&#8221;{}&#8221;][et_pb_image src=&#8221;https:\/\/www.curacao-agents.com\/wp-content\/uploads\/2024\/03\/sharon-vassell.jpg&#8221; alt=&#8221;Sharon Vassell&#8221; title_text=&#8221;Sharon Vassell&#8221; _builder_version=&#8221;4.23.4&#8243; _module_preset=&#8221;default&#8221; locked=&#8221;off&#8221; global_colors_info=&#8221;{}&#8221;][\/et_pb_image][et_pb_text _builder_version=&#8221;4.27.4&#8243; _module_preset=&#8221;default&#8221; text_font=&#8221;|300|||||||&#8221; header_4_text_color=&#8221;#004FA3&#8243; header_4_font_size=&#8221;16px&#8221; header_5_font=&#8221;|700||on|||||&#8221; header_5_font_size=&#8221;22px&#8221; header_5_line_height=&#8221;1.3em&#8221; header_6_text_color=&#8221;#004FA3&#8243; header_6_font_size=&#8221;18px&#8221; locked=&#8221;off&#8221; global_colors_info=&#8221;{}&#8221;]<\/p>\n<h5>Sharon Vassell &#8211; Coordenadora Comercial<\/h5>\n<h6>Europa<\/h6>\n<blockquote>\n<p>&#8220;Cura\u00e7ao. Onde a cultura vibrante encontra uma beleza incompar\u00e1vel, criando mem\u00f3rias que perduram a vida inteira.&#8221;<\/p>\n<\/blockquote>\n<p>Sharon entrou para a equipe do Cura\u00e7ao Tourist Board Europe em 2019. Atualmente, como Coordenadora Comercial, ela \u00e9 a pessoa de contato para todos os fins comerciais, atividades de vendas e feiras comerciais nos Pa\u00edses Baixos, B\u00e9lgica, Pol\u00f4nia e Fran\u00e7a. Ela tem o compromisso de promover o crescimento do nicho de golfe nos mercados holand\u00eas e belga.<\/p>\n<p>Com mais de 20 anos de experi\u00eancia combinada nos setores de companhias a\u00e9reas, hotelaria e turismo, esse hist\u00f3rico alimenta sua paix\u00e3o e entusiasmo por sua fun\u00e7\u00e3o atual no Cura\u00e7ao Tourist Board. Sharon trabalha em estreita colabora\u00e7\u00e3o com a equipe europeia de tr\u00eas indiv\u00edduos para formular estrat\u00e9gias e implementar a\u00e7\u00f5es significativas em toda a Europa.<\/p>\n<p>Ela encontra grande satisfa\u00e7\u00e3o em compartilhar sua paix\u00e3o profundamente enraizada por Cura\u00e7ao, valorizando cada oportunidade de mostrar a beleza e o encanto da ilha.<\/p>\n<p>[\/et_pb_text][et_pb_text _builder_version=&#8221;4.27.4&#8243; _module_preset=&#8221;default&#8221; text_font=&#8221;|300|||||||&#8221; link_font=&#8221;|600|||||||&#8221; link_text_color=&#8221;#004FA3&#8243; header_4_font=&#8221;|700|||||||&#8221; header_4_text_color=&#8221;#f5a81c&#8221; header_4_font_size=&#8221;20px&#8221; locked=&#8221;off&#8221; global_colors_info=&#8221;{}&#8221;]<\/p>\n<h4>INFORMA\u00c7\u00d5ES DE CONTATO:<\/h4>\n<p>E-mail: <a href=\"mailto:svassell@curacao.com\">svassell@curacao.com<\/a><br \/>Telefone: +31 70 891 6600<\/p>\n<p>[\/et_pb_text][\/et_pb_column][et_pb_column type=&#8221;1_3&#8243; _builder_version=&#8221;4.16&#8243; _module_preset=&#8221;default&#8221; global_colors_info=&#8221;{}&#8221;][et_pb_image src=&#8221;https:\/\/www.curacao-agents.com\/wp-content\/uploads\/2022\/09\/Anne_Rosner_Curacao.jpg&#8221; title_text=&#8221;Anne_Rosner_Curacao&#8221; _builder_version=&#8221;4.27.4&#8243; _module_preset=&#8221;default&#8221; locked=&#8221;off&#8221; global_colors_info=&#8221;{}&#8221;][\/et_pb_image][et_pb_text _builder_version=&#8221;4.27.4&#8243; _module_preset=&#8221;default&#8221; text_font=&#8221;|300|||||||&#8221; header_4_text_color=&#8221;#004FA3&#8243; header_4_font_size=&#8221;16px&#8221; header_5_font=&#8221;|700||on|||||&#8221; header_5_font_size=&#8221;22px&#8221; header_5_line_height=&#8221;1.3em&#8221; header_6_text_color=&#8221;#004FA3&#8243; header_6_font_size=&#8221;18px&#8221; locked=&#8221;off&#8221; global_colors_info=&#8221;{}&#8221;]<\/p>\n<h5>Anne R\u00f6sner &#8211; Coordenadora Comercial<\/h5>\n<h6>Europa<\/h6>\n<blockquote>\n<p>&#8220;O fasc\u00ednio de Cura\u00e7ao vai muito al\u00e9m do seu famoso licor azul &#8211; sinta voc\u00ea mesmo!&#8221;<\/p>\n<\/blockquote>\n<p>Anne faz parte da equipe do Cura\u00e7ao Tourist Board Europe desde 2017. Como coordenadora comercial, ela gerencia todas as opera\u00e7\u00f5es comerciais nos mercados de l\u00edngua alem\u00e3, no Reino Unido e nos pa\u00edses n\u00f3rdicos.<\/p>\n<p>Com uma dedica\u00e7\u00e3o fervorosa ao turismo, Anne traz uma ampla experi\u00eancia para sua fun\u00e7\u00e3o. Seu hist\u00f3rico inclui a conclus\u00e3o de um est\u00e1gio em gest\u00e3o hoteleira em 2005, a obten\u00e7\u00e3o de um diploma de bacharel em Gest\u00e3o de Turismo e o ac\u00famulo de mais de 5 anos de experi\u00eancia como gerente de produtos para uma renomada operadora de turismo alem\u00e3.<\/p>\n<p>Apesar de n\u00e3o ser nativa da ilha, Anne abra\u00e7ou totalmente sua cultura e agora sente uma profunda conex\u00e3o, ressoando com a ess\u00eancia de &#8220;Dushi&#8221; em seu cora\u00e7\u00e3o.<\/p>\n<p>[\/et_pb_text][et_pb_text _builder_version=&#8221;4.27.4&#8243; _module_preset=&#8221;default&#8221; text_font=&#8221;|300|||||||&#8221; link_font=&#8221;|600|||||||&#8221; link_text_color=&#8221;#004FA3&#8243; header_4_font=&#8221;|700|||||||&#8221; header_4_text_color=&#8221;#f5a81c&#8221; header_4_font_size=&#8221;20px&#8221; locked=&#8221;off&#8221; global_colors_info=&#8221;{}&#8221;]<\/p>\n<h4>INFORMA\u00c7\u00d5ES DE CONTATO:<\/h4>\n<p>E-mail: <a href=\"mailto:anne.roesner@curacao.de\">anne.roesner@curacao.de<\/a><br \/>Telefone: +49 80 95 66 90 822<\/p>\n<p>[\/et_pb_text][\/et_pb_column][\/et_pb_row][\/et_pb_section]<\/p>\n","protected":false},"excerpt":{"rendered":"<p>EuropAMuryad de Bruin \u2013 Diretor-gerente EuropaSharon Vassell &#8211; Coordenadora Comercial Europa &#8220;Cura\u00e7ao. Onde a cultura vibrante encontra uma beleza incompar\u00e1vel, criando mem\u00f3rias que perduram a vida inteira.&#8221; Sharon entrou para [&hellip;]<\/p>\n","protected":false},"author":4,"featured_media":0,"parent":2112,"menu_order":0,"comment_status":"closed","ping_status":"closed","template":"","meta":{"_et_pb_use_builder":"on","_et_pb_old_content":"<p>[et_pb_section fb_built=\"1\" _builder_version=\"4.27.4\" _module_preset=\"default\" background_image=\"https:\/\/www.curacao-agents.com\/wp-content\/uploads\/2025\/03\/Curacao_park.jpg\" custom_margin=\"0px||0px||false|false\" custom_padding=\"0px||0px||false|false\" hover_enabled=\"0\" locked=\"off\" global_colors_info=\"{}\" title_text=\"Curacao_park\" sticky_enabled=\"0\"][et_pb_row module_id=\"hero\" _builder_version=\"4.16\" _module_preset=\"default\" width=\"100%\" height=\"550px\" custom_margin=\"0px||0px||false|false\" custom_padding=\"0px||0px||false|false\" global_colors_info=\"{}\"][et_pb_column type=\"4_4\" _builder_version=\"4.16\" _module_preset=\"default\" global_colors_info=\"{}\"][et_pb_text module_class=\"brandon\" _builder_version=\"4.27.4\" _module_preset=\"default\" text_text_color=\"#FFFFFF\" text_font_size=\"36px\" text_line_height=\"1.1em\" header_font=\"||||||||\" header_text_align=\"center\" header_text_color=\"#FFFFFF\" header_font_size=\"110px\" header_line_height=\"0.9em\" background_enable_image=\"off\" text_orientation=\"center\" width=\"80%\" max_width=\"1080px\" module_alignment=\"center\" hover_enabled=\"0\" header_font_size_tablet=\"\" header_font_size_phone=\"80px\" header_font_size_last_edited=\"on|phone\" locked=\"off\" global_colors_info=\"{}\" sticky_enabled=\"0\"]<\/p><h1>Europe<\/h1><p>[\/et_pb_text][\/et_pb_column][\/et_pb_row][\/et_pb_section][et_pb_section fb_built=\"1\" _builder_version=\"4.16\" _module_preset=\"default\" custom_margin=\"0px||0px||false|false\" custom_padding=\"0px||0px||false|false\" global_colors_info=\"{}\"][et_pb_row _builder_version=\"4.16\" _module_preset=\"default\" global_colors_info=\"{}\"][et_pb_column type=\"4_4\" _builder_version=\"4.16\" _module_preset=\"default\" global_colors_info=\"{}\"][et_pb_menu menu_id=\"10\" active_link_color=\"#F3B038\" module_class=\"no-burger\" _builder_version=\"4.27.4\" _module_preset=\"default\" menu_text_color=\"#004FA3\" global_colors_info=\"{}\"][\/et_pb_menu][\/et_pb_column][\/et_pb_row][\/et_pb_section][et_pb_section fb_built=\"1\" _builder_version=\"4.16\" _module_preset=\"default\" custom_margin=\"0px||||false|false\" custom_padding=\"0px||||false|false\" global_colors_info=\"{}\"][et_pb_row column_structure=\"1_3,1_3,1_3\" _builder_version=\"4.16\" _module_preset=\"default\" custom_margin=\"0px||||false|false\" custom_padding=\"0px||||false|false\" global_colors_info=\"{}\"][et_pb_column type=\"1_3\" _builder_version=\"4.16\" _module_preset=\"default\" global_colors_info=\"{}\"][et_pb_image src=\"https:\/\/www.curacao-agents.com\/wp-content\/uploads\/2024\/03\/Susan_Vrolijk-2.jpg\" title_text=\"Susan_Vrolijk-2\" _builder_version=\"4.23.4\" _module_preset=\"default\" global_colors_info=\"{}\"][\/et_pb_image][et_pb_text disabled_on=\"off|off|off\" _builder_version=\"4.27.4\" _module_preset=\"default\" text_font=\"|300|||||||\" header_4_text_color=\"#004FA3\" header_4_font_size=\"16px\" locked=\"off\" global_colors_info=\"{}\" header_5_font=\"|700||on|||||\" header_5_font_size=\"22px\" header_5_line_height=\"1.3em\" header_6_text_color=\"#004FA3\" header_6_font_size=\"18px\" hover_enabled=\"0\" sticky_enabled=\"0\"]<\/p><h5>Susan Vrolijk - Regional Manager<\/h5><h6>Europe<\/h6><blockquote><p>\"I love sharing the passion I feel for our beautiful island with our European travel partners.\"<\/p><\/blockquote><p>Susan Vrolijk was appointed as regional manager \u2013 Europe in February 2024. With a wealth of experience in marketing and communication across different roles in the consultancy business, Susan is now taking on the responsibility to promote her beloved home island of Cura\u00e7ao to European travelers.<\/p><p>Cura\u00e7ao is so much more than just sun, sea and beach. Once you have visited Cura\u00e7ao, you will bring home the warmth and hospitality of the people, the colors, vibes and tastes that will remind you of our unique island in the Southern Caribbean. The best thing about my job is the product and the people. We are continuously developing to increase the quality of our product. I personally think that is very important.[\/et_pb_text][et_pb_text disabled_on=\"off|off|off\" _builder_version=\"4.23.4\" _module_preset=\"default\" text_font=\"|300|||||||\" header_4_font=\"|700|||||||\" header_4_text_color=\"#f5a81c\" locked=\"off\" global_colors_info=\"{}\" link_font=\"|600|||||||\" link_text_color=\"#004FA3\" header_4_font_size=\"20px\"]<\/p><h4>Contact details:<\/h4><p>E-mail: <a href=\"mailto:svrolijk@curacao.com\">svrolijk@curacao.com<\/a>\u00a0<br \/>Phone: +31 612 992 982<\/p><p>[\/et_pb_text][\/et_pb_column][et_pb_column type=\"1_3\" _builder_version=\"4.16\" _module_preset=\"default\" global_colors_info=\"{}\"][et_pb_image src=\"https:\/\/www.curacao-agents.com\/wp-content\/uploads\/2024\/03\/sharon-vassell.jpg\" alt=\"Sharon Vassell\" title_text=\"Sharon Vassell\" _builder_version=\"4.23.4\" _module_preset=\"default\" locked=\"off\" global_colors_info=\"{}\"][\/et_pb_image][et_pb_text _builder_version=\"4.27.4\" _module_preset=\"default\" text_font=\"|300|||||||\" header_4_text_color=\"#004FA3\" header_4_font_size=\"16px\" locked=\"off\" global_colors_info=\"{}\" header_5_font=\"|700||on|||||\" header_5_font_size=\"22px\" header_5_line_height=\"1.3em\" header_6_text_color=\"#004FA3\" header_6_font_size=\"18px\" hover_enabled=\"0\" sticky_enabled=\"0\"]<\/p><h5>Sharon Vassell - Trade Coordinator<\/h5><h6>Europe<\/h6><blockquote><p>\"Cura\u00e7ao. Where vibrant culture meets unparalleled beauty, creating memories that last a lifetime.\"<\/p><\/blockquote><p>Sharon joined the Cura\u00e7ao Tourist Board Europe team in 2019. Currently, as Trade Coordinator, she is the contact person for all trade purposes, sales activities and trade fairs in The Netherlands, Belgium, Poland and France. She is committed to fostering the growth of the golf niche within the Netherlands and Belgium markets.<\/p><p>With over 20 years of combined experience in the airline, hospitality, and tourism sectors, this background fuels her passion and excitement for her current role at the Cura\u00e7ao Tourist Board. Sharon collaborates closely with the European team of three to strategize and execute impactful initiatives across Europe.<\/p><p>She finds great fulfillment in sharing her deep-rooted passion for Cura\u00e7ao, cherishing every opportunity to showcase the island's beauty and allure.[\/et_pb_text][et_pb_text _builder_version=\"4.23.4\" _module_preset=\"default\" text_font=\"|300|||||||\" header_4_font=\"|700|||||||\" header_4_text_color=\"#f5a81c\" locked=\"off\" global_colors_info=\"{}\" link_font=\"|600|||||||\" link_text_color=\"#004FA3\" header_4_font_size=\"20px\"]<\/p><h4>Contact details:<\/h4><p>E-mail: <a href=\"mailto:svassell@curacao.com\">svassell@curacao.com<\/a><br \/>Phone: +31 70 891 6600<\/p><p>[\/et_pb_text][\/et_pb_column][et_pb_column type=\"1_3\" _builder_version=\"4.16\" _module_preset=\"default\" global_colors_info=\"{}\"][et_pb_image src=\"https:\/\/www.curacao-agents.com\/wp-content\/uploads\/2022\/09\/Anne_Rosner_Curacao.jpg\" title_text=\"Anne_Rosner_Curacao\" _builder_version=\"4.27.4\" _module_preset=\"default\" locked=\"off\" global_colors_info=\"{}\"][\/et_pb_image][et_pb_text _builder_version=\"4.27.4\" _module_preset=\"default\" text_font=\"|300|||||||\" header_4_text_color=\"#004FA3\" header_4_font_size=\"16px\" locked=\"off\" global_colors_info=\"{}\" header_5_font=\"|700||on|||||\" header_5_font_size=\"22px\" header_5_line_height=\"1.3em\" header_6_text_color=\"#004FA3\" header_6_font_size=\"18px\" hover_enabled=\"0\" sticky_enabled=\"0\"]<\/p><h5>Anne R\u00f6sner - Trade Coordinator<\/h5><h6>Europe<\/h6><blockquote><p>Cura\u00e7ao's allure extends far beyond its famed blue liqueur - feel it for yourself!<\/p><\/blockquote><p>Anne has been part of the Cura\u00e7ao Tourist Board Europe team since 2017. Serving as trade coordinator, she manages all trade operations within the German-speaking markets, UK and Nordics.<\/p><p>With a fervent dedication to tourism, Anne brings extensive expertise to her role. Her background includes completing a hotel management apprenticeship back in 2005, obtaining a bachelor\u2019s degree in Tourism Management and accumulating over 5 years of experience as a product manager for a renowned German tour operator.<\/p><p>Despite not being native to the island, Anne has fully embraced its culture and now feels a profound connection, resonating with the essence of \"Dushi\" at heart.[\/et_pb_text][et_pb_text _builder_version=\"4.23.4\" _module_preset=\"default\" text_font=\"|300|||||||\" header_4_font=\"|700|||||||\" header_4_text_color=\"#f5a81c\" locked=\"off\" global_colors_info=\"{}\" link_font=\"|600|||||||\" link_text_color=\"#004FA3\" header_4_font_size=\"20px\"]<\/p><h4>Contact details:<\/h4><p>E-mail: <a href=\"mailto:anne.roesner@curacao.de\">anne.roesner@curacao.de<\/a><br \/>Phone: +49 80 95 66 90 822<\/p><p>[\/et_pb_text][\/et_pb_column][\/et_pb_row][\/et_pb_section]<\/p>","_et_gb_content_width":"","footnotes":""},"class_list":["post-2228","page","type-page","status-publish","hentry"],"_links":{"self":[{"href":"https:\/\/www.curacao-agents.com\/pt-br\/wp-json\/wp\/v2\/pages\/2228","targetHints":{"allow":["GET"]}}],"collection":[{"href":"https:\/\/www.curacao-agents.com\/pt-br\/wp-json\/wp\/v2\/pages"}],"about":[{"href":"https:\/\/www.curacao-agents.com\/pt-br\/wp-json\/wp\/v2\/types\/page"}],"author":[{"embeddable":true,"href":"https:\/\/www.curacao-agents.com\/pt-br\/wp-json\/wp\/v2\/users\/4"}],"replies":[{"embeddable":true,"href":"https:\/\/www.curacao-agents.com\/pt-br\/wp-json\/wp\/v2\/comments?post=2228"}],"version-history":[{"count":5,"href":"https:\/\/www.curacao-agents.com\/pt-br\/wp-json\/wp\/v2\/pages\/2228\/revisions"}],"predecessor-version":[{"id":2358,"href":"https:\/\/www.curacao-agents.com\/pt-br\/wp-json\/wp\/v2\/pages\/2228\/revisions\/2358"}],"up":[{"embeddable":true,"href":"https:\/\/www.curacao-agents.com\/pt-br\/wp-json\/wp\/v2\/pages\/2112"}],"wp:attachment":[{"href":"https:\/\/www.curacao-agents.com\/pt-br\/wp-json\/wp\/v2\/media?parent=2228"}],"curies":[{"name":"wp","href":"https:\/\/api.w.org\/{rel}","templated":true}]}}