{"id":2112,"date":"2021-08-19T09:08:41","date_gmt":"2021-08-19T13:08:41","guid":{"rendered":"https:\/\/www.curacao-agents.com\/?page_id=2112"},"modified":"2026-02-18T13:31:58","modified_gmt":"2026-02-18T17:31:58","slug":"equipe","status":"publish","type":"page","link":"https:\/\/www.curacao-agents.com\/pt-br\/equipe\/","title":{"rendered":"Equipe"},"content":{"rendered":"<p>[et_pb_section fb_built=&#8221;1&#8243; _builder_version=&#8221;4.27.4&#8243; _module_preset=&#8221;default&#8221; background_image=&#8221;https:\/\/www.curacao-agents.com\/wp-content\/uploads\/2025\/03\/Curacao_park.jpg&#8221; custom_margin=&#8221;0px||0px||false|false&#8221; custom_padding=&#8221;0px||0px||false|false&#8221; locked=&#8221;off&#8221; global_colors_info=&#8221;{}&#8221;][et_pb_row module_id=&#8221;hero&#8221; _builder_version=&#8221;4.16&#8243; _module_preset=&#8221;default&#8221; width=&#8221;100%&#8221; height=&#8221;550px&#8221; custom_margin=&#8221;0px||0px||false|false&#8221; custom_padding=&#8221;0px||0px||false|false&#8221; global_colors_info=&#8221;{}&#8221;][et_pb_column type=&#8221;4_4&#8243; _builder_version=&#8221;4.16&#8243; _module_preset=&#8221;default&#8221; global_colors_info=&#8221;{}&#8221;][et_pb_text module_class=&#8221;brandon&#8221; _builder_version=&#8221;4.27.4&#8243; _module_preset=&#8221;default&#8221; text_text_color=&#8221;#FFFFFF&#8221; text_font_size=&#8221;36px&#8221; text_line_height=&#8221;1.1em&#8221; header_font=&#8221;||||||||&#8221; header_text_align=&#8221;center&#8221; header_text_color=&#8221;#FFFFFF&#8221; header_font_size=&#8221;110px&#8221; header_line_height=&#8221;0.9em&#8221; background_enable_image=&#8221;off&#8221; text_orientation=&#8221;center&#8221; width=&#8221;80%&#8221; max_width=&#8221;1080px&#8221; module_alignment=&#8221;center&#8221; header_font_size_tablet=&#8221;&#8221; header_font_size_phone=&#8221;80px&#8221; header_font_size_last_edited=&#8221;on|phone&#8221; locked=&#8221;off&#8221; global_colors_info=&#8221;{}&#8221;]<\/p>\n<h1>Entre em contato<br \/>com a equipe<\/h1>\n<p>[\/et_pb_text][\/et_pb_column][\/et_pb_row][\/et_pb_section][et_pb_section fb_built=&#8221;1&#8243; _builder_version=&#8221;4.16&#8243; _module_preset=&#8221;default&#8221; custom_margin=&#8221;0px||0px||false|false&#8221; custom_padding=&#8221;0px||0px||false|false&#8221; global_colors_info=&#8221;{}&#8221;][et_pb_row _builder_version=&#8221;4.16&#8243; _module_preset=&#8221;default&#8221; global_colors_info=&#8221;{}&#8221;][et_pb_column type=&#8221;4_4&#8243; _builder_version=&#8221;4.16&#8243; _module_preset=&#8221;default&#8221; global_colors_info=&#8221;{}&#8221;][et_pb_menu menu_id=&#8221;10&#8243; active_link_color=&#8221;#F3B038&#8243; module_class=&#8221;no-burger&#8221; _builder_version=&#8221;4.27.4&#8243; _module_preset=&#8221;default&#8221; menu_text_color=&#8221;#004FA3&#8243; global_colors_info=&#8221;{}&#8221;][\/et_pb_menu][\/et_pb_column][\/et_pb_row][\/et_pb_section][et_pb_section fb_built=&#8221;1&#8243; _builder_version=&#8221;4.16&#8243; _module_preset=&#8221;default&#8221; custom_margin=&#8221;0px||||false|false&#8221; custom_padding=&#8221;0px||||false|false&#8221; global_colors_info=&#8221;{}&#8221;][et_pb_row column_structure=&#8221;1_3,1_3,1_3&#8243; _builder_version=&#8221;4.16&#8243; _module_preset=&#8221;default&#8221; custom_margin=&#8221;0px||||false|false&#8221; custom_padding=&#8221;0px||||false|false&#8221; global_colors_info=&#8221;{}&#8221;][et_pb_column type=&#8221;1_3&#8243; _builder_version=&#8221;4.16&#8243; _module_preset=&#8221;default&#8221; global_colors_info=&#8221;{}&#8221;][et_pb_image src=&#8221;https:\/\/www.curacao-agents.com\/wp-content\/uploads\/2026\/02\/jacqueline-held.jpg&#8221; alt=&#8221;Jacqueline Held&#8221; title_text=&#8221;Jacqueline Held&#8221; _builder_version=&#8221;4.27.4&#8243; _module_preset=&#8221;default&#8221; hover_enabled=&#8221;0&#8243; global_colors_info=&#8221;{}&#8221; sticky_enabled=&#8221;0&#8243;][\/et_pb_image][et_pb_text _builder_version=&#8221;4.27.4&#8243; _module_preset=&#8221;default&#8221; text_font=&#8221;|300|||||||&#8221; header_4_text_color=&#8221;#004FA3&#8243; header_4_font_size=&#8221;16px&#8221; header_5_font=&#8221;|700||on|||||&#8221; header_5_font_size=&#8221;22px&#8221; header_5_line_height=&#8221;1.3em&#8221; header_6_text_color=&#8221;#004FA3&#8243; header_6_font_size=&#8221;18px&#8221; locked=&#8221;off&#8221; global_colors_info=&#8221;{}&#8221;]<\/p>\n<h5>Jacqueline Sybrandy-Held &#8211; Gerente Regional<\/h5>\n<h6>Am\u00e9rica do Norte<\/h6>\n<blockquote>\n<p>&#8220;A energia da ilha, seu povo, sua cultura, sua culin\u00e1ria e a atmosfera geral. Vivo em lugar onde todo mundo quer passar as f\u00e9rias&#8221;.<\/p>\n<\/blockquote>\n<p>Jacqueline Sybrandy-Held supervisiona a elabora\u00e7\u00e3o e execu\u00e7\u00e3o de estrat\u00e9gias de vendas e branding do Curacao Tourist Bureau (CTB) no mercado dos Estados Unidos. Na sua fun\u00e7\u00e3o, ela \u00e9 encarregada de impulsionar a chegada de turistas, administrar a equipe regional e fornecer dados gerenciais (estat\u00edsticos).<\/p>\n<p>Jacqueline, uma profissional altamente qualificada, atua no ramo tur\u00edstico da ilha desde 2008, quando come\u00e7ou sua carreira no Floris Suite Hotel. Desde ent\u00e3o, ela trabalhou em v\u00e1rios hot\u00e9is de Cura\u00e7ao em departamentos como reservas, servi\u00e7os de conven\u00e7\u00f5es, eventos, vendas e marketing e, mais recentemente, como gerente geral do Blue Bay Hotel and Services. Antes disso, foi diretora de vendas e marketing do Baoase Luxury Resort.<\/p>\n<p>Embora tenha nascido e crescido nos Pa\u00edses Baixos, seu av\u00f4 \u00e9 natural de Cura\u00e7ao. Ela reside na ilha h\u00e1 mais de 15 anos e considera Cura\u00e7ao seu verdadeiro lar.<\/p>\n<p>[\/et_pb_text][et_pb_text _builder_version=&#8221;4.27.4&#8243; _module_preset=&#8221;default&#8221; text_font=&#8221;|300|||||||&#8221; link_font=&#8221;|600|||||||&#8221; link_text_color=&#8221;#004FA3&#8243; header_4_font=&#8221;|700|||||||&#8221; header_4_text_color=&#8221;#f5a81c&#8221; header_4_font_size=&#8221;20px&#8221; global_colors_info=&#8221;{}&#8221;]<\/p>\n<h4>INFORMA\u00c7\u00d5ES DE CONTATO:<\/h4>\n<p>E-mail: <a href=\"mailto:jheld@curacao.com\">jheld@curacao.com<\/a><br \/>Telefone: +599 9 461-8200<\/p>\n<p>[\/et_pb_text][\/et_pb_column][et_pb_column type=&#8221;1_3&#8243; _builder_version=&#8221;4.16&#8243; _module_preset=&#8221;default&#8221; global_colors_info=&#8221;{}&#8221;][et_pb_image src=&#8221;https:\/\/www.curacao-agents.com\/wp-content\/uploads\/2022\/11\/CTBE_Elain.jpg&#8221; title_text=&#8221;CTBE_Elain&#8221; _builder_version=&#8221;4.18.0&#8243; _module_preset=&#8221;default&#8221; locked=&#8221;off&#8221; global_colors_info=&#8221;{}&#8221;][\/et_pb_image][et_pb_text _builder_version=&#8221;4.27.4&#8243; _module_preset=&#8221;default&#8221; text_font=&#8221;|300|||||||&#8221; header_4_text_color=&#8221;#004FA3&#8243; header_4_font_size=&#8221;16px&#8221; header_5_font=&#8221;|700||on|||||&#8221; header_5_font_size=&#8221;22px&#8221; header_5_line_height=&#8221;1.3em&#8221; header_6_text_color=&#8221;#004FA3&#8243; header_6_font_size=&#8221;18px&#8221; locked=&#8221;off&#8221; global_colors_info=&#8221;{}&#8221;]<\/p>\n<h5>Elaine Hart \u2013 Francisca &#8211; Gerente Regional<\/h5>\n<h6>Am\u00e9rica do Sul &amp; Caribe<\/h6>\n<blockquote>\n<p>&#8220;Nada \u00e9 mais gratificante do que divulgar e promover minha ilha, Cura\u00e7ao, como um aut\u00eantico destino tur\u00edstico.&#8221;<\/p>\n<\/blockquote>\n<p>Elaine come\u00e7ou sua carreira no setor de turismo no Cura\u00e7ao Tourist Board, logo ap\u00f3s se formar em Administra\u00e7\u00e3o de Empresas, com especializa\u00e7\u00e3o em Gest\u00e3o de Turismo e Hotelaria. Ela come\u00e7ou no Departamento de Marketing, coordenando todas as iniciativas de marketing e rela\u00e7\u00f5es p\u00fablicas para os mercados do Caribe e da Am\u00e9rica do Sul.<\/p>\n<p>Agora, como Gerente Regional do Caribe, Elaine tem a incr\u00edvel chance de administrar a regi\u00e3o do Caribe, ou seja, intensificar as rela\u00e7\u00f5es comerciais nos mercados, com o objetivo principal de ampliar o fluxo de visitantes ao Caribe.<\/p>\n<p>A Elaine est\u00e1 \u00e0 sua disposi\u00e7\u00e3o para esclarecer qualquer d\u00favida que possa existir sobre nosso belo destino. Vamos trabalhar juntos para ampliar o n\u00famero de viagens dentro do Caribe.<\/p>\n<p>[\/et_pb_text][et_pb_text _builder_version=&#8221;4.27.4&#8243; _module_preset=&#8221;default&#8221; text_font=&#8221;|300|||||||&#8221; link_font=&#8221;|600|||||||&#8221; link_text_color=&#8221;#004FA3&#8243; header_4_font=&#8221;|700|||||||&#8221; header_4_text_color=&#8221;#f5a81c&#8221; header_4_font_size=&#8221;20px&#8221; locked=&#8221;off&#8221; global_colors_info=&#8221;{}&#8221;]<\/p>\n<h4>INFORMA\u00c7\u00d5ES DE CONTATO:<\/h4>\n<p>E-mail: <a href=\"mailto:efrancisca@curacao.com\">efrancisca@curacao.com<\/a><br \/>Telefone: +599 9 510-8081<\/p>\n<p>[\/et_pb_text][\/et_pb_column][et_pb_column type=&#8221;1_3&#8243; _builder_version=&#8221;4.16&#8243; _module_preset=&#8221;default&#8221; global_colors_info=&#8221;{}&#8221;][et_pb_image src=&#8221;https:\/\/www.curacao-agents.com\/wp-content\/uploads\/2021\/08\/team-muryad.jpg&#8221; title_text=&#8221;Muryad de Bruin&#8221; disabled_on=&#8221;off|off|off&#8221; _builder_version=&#8221;4.27.4&#8243; _module_preset=&#8221;default&#8221; global_colors_info=&#8221;{}&#8221;][\/et_pb_image][et_pb_text disabled_on=&#8221;off|off|off&#8221; _builder_version=&#8221;4.27.4&#8243; _module_preset=&#8221;default&#8221; text_font=&#8221;|300|||||||&#8221; header_4_text_color=&#8221;#004FA3&#8243; header_4_font_size=&#8221;16px&#8221; header_5_font=&#8221;|700||on|||||&#8221; header_5_font_size=&#8221;22px&#8221; header_5_line_height=&#8221;1.3em&#8221; header_6_text_color=&#8221;#004FA3&#8243; header_6_font_size=&#8221;18px&#8221; global_colors_info=&#8221;{}&#8221;]<\/p>\n<h5>Muryad de Bruin \u2013 Diretor-gerente<\/h5>\n<h6>Europa<\/h6>\n<p>[\/et_pb_text][\/et_pb_column][\/et_pb_row][\/et_pb_section]<\/p>\n","protected":false},"excerpt":{"rendered":"<p>Entre em contatocom a equipeJacqueline Sybrandy-Held &#8211; Gerente Regional Am\u00e9rica do Norte &#8220;A energia da ilha, seu povo, sua cultura, sua culin\u00e1ria e a atmosfera geral. Vivo em lugar onde [&hellip;]<\/p>\n","protected":false},"author":4,"featured_media":0,"parent":0,"menu_order":6,"comment_status":"closed","ping_status":"closed","template":"","meta":{"_et_pb_use_builder":"on","_et_pb_old_content":"<p>[et_pb_section fb_built=\"1\" _builder_version=\"4.27.4\" _module_preset=\"default\" background_image=\"https:\/\/www.curacao-agents.com\/wp-content\/uploads\/2025\/03\/Curacao_park.jpg\" custom_margin=\"0px||0px||false|false\" custom_padding=\"0px||0px||false|false\" locked=\"off\" global_colors_info=\"{}\"][et_pb_row module_id=\"hero\" _builder_version=\"4.16\" _module_preset=\"default\" width=\"100%\" height=\"550px\" custom_margin=\"0px||0px||false|false\" custom_padding=\"0px||0px||false|false\" global_colors_info=\"{}\"][et_pb_column type=\"4_4\" _builder_version=\"4.16\" _module_preset=\"default\" global_colors_info=\"{}\"][et_pb_text module_class=\"brandon\" _builder_version=\"4.27.4\" _module_preset=\"default\" text_text_color=\"#FFFFFF\" text_font_size=\"36px\" text_line_height=\"1.1em\" header_font=\"||||||||\" header_text_align=\"center\" header_text_color=\"#FFFFFF\" header_font_size=\"110px\" header_line_height=\"0.9em\" background_enable_image=\"off\" text_orientation=\"center\" width=\"80%\" max_width=\"1080px\" module_alignment=\"center\" header_font_size_tablet=\"\" header_font_size_phone=\"80px\" header_font_size_last_edited=\"on|phone\" locked=\"off\" global_colors_info=\"{}\"]<\/p><h1>Meet<br \/>the team<\/h1><p>[\/et_pb_text][\/et_pb_column][\/et_pb_row][\/et_pb_section][et_pb_section fb_built=\"1\" _builder_version=\"4.16\" _module_preset=\"default\" custom_margin=\"0px||0px||false|false\" custom_padding=\"0px||0px||false|false\" global_colors_info=\"{}\"][et_pb_row _builder_version=\"4.16\" _module_preset=\"default\" global_colors_info=\"{}\"][et_pb_column type=\"4_4\" _builder_version=\"4.16\" _module_preset=\"default\" global_colors_info=\"{}\"][et_pb_menu menu_id=\"10\" active_link_color=\"#F3B038\" module_class=\"no-burger\" _builder_version=\"4.27.4\" _module_preset=\"default\" menu_text_color=\"#004FA3\" global_colors_info=\"{}\"][\/et_pb_menu][\/et_pb_column][\/et_pb_row][\/et_pb_section][et_pb_section fb_built=\"1\" _builder_version=\"4.16\" _module_preset=\"default\" custom_margin=\"0px||||false|false\" custom_padding=\"0px||||false|false\" global_colors_info=\"{}\"][et_pb_row column_structure=\"1_3,1_3,1_3\" _builder_version=\"4.16\" _module_preset=\"default\" custom_margin=\"0px||||false|false\" custom_padding=\"0px||||false|false\" global_colors_info=\"{}\"][et_pb_column type=\"1_3\" _builder_version=\"4.16\" _module_preset=\"default\" global_colors_info=\"{}\"][et_pb_image src=\"https:\/\/www.curacao-agents.com\/wp-content\/uploads\/2022\/08\/team-jacqueline.jpg\" alt=\"Jacqueline Sybrandy-Held\" title_text=\"Jacqueline Sybrandy-Held\" _builder_version=\"4.23.4\" _module_preset=\"default\" global_colors_info=\"{}\"][\/et_pb_image][et_pb_text _builder_version=\"4.27.4\" _module_preset=\"default\" text_font=\"|300|||||||\" header_4_text_color=\"#004FA3\" header_4_font_size=\"16px\" header_5_font=\"|700||on|||||\" header_5_font_size=\"22px\" header_5_line_height=\"1.3em\" header_6_text_color=\"#004FA3\" header_6_font_size=\"18px\" locked=\"off\" global_colors_info=\"{}\"]<\/p><h5>Jacqueline Sybrandy-Held - Regional Manager<\/h5><h6>North America<\/h6><blockquote><p>\"The island vibe, its people, culture, food and its total feel. I live where everyone wants to vacation.\"<\/p><\/blockquote><p>Jacqueline Sybrandy-Held will oversees the development and implementation of sales and branding efforts for the CTB within the North American market. In her role she is responsible for growth in tourism arrivals, management of the region\u2019s team and provision of (statistical) management information.<\/p><p>Keenly qualified for the role, Sybrandy-Held has worked within the island\u2019s tourism space since 2008 when she began her career at Floris Suite Hotel. Since then, she has worked at various hotels in Cura\u00e7ao across departments including reservations, convention services, events, sales and marketing and most recently, as general manager at Blue Bay Hotel and Services. Prior to that she was Director of Sales & Marketing at Baoase Luxury Resort.<\/p><p>While she was born and raised in the Netherlands, her grandfather comes from Curacao. She has been living on the island for more than 15 years and call Cura\u00e7ao her true home.<\/p><p>[\/et_pb_text][et_pb_text _builder_version=\"4.27.4\" _module_preset=\"default\" text_font=\"|300|||||||\" link_font=\"|600|||||||\" link_text_color=\"#004FA3\" header_4_font=\"|700|||||||\" header_4_text_color=\"#f5a81c\" header_4_font_size=\"20px\" global_colors_info=\"{}\"]<\/p><h4>Contact details:<\/h4><p>E-mail: <a href=\"mailto:jheld@curacao.com\">jheld@curacao.com<\/a><br \/>Phone: +599 9 461-8200<\/p><p>[\/et_pb_text][\/et_pb_column][et_pb_column type=\"1_3\" _builder_version=\"4.16\" _module_preset=\"default\" global_colors_info=\"{}\"][et_pb_image src=\"https:\/\/www.curacao-agents.com\/wp-content\/uploads\/2022\/11\/CTBE_Elain.jpg\" title_text=\"CTBE_Elain\" _builder_version=\"4.18.0\" _module_preset=\"default\" locked=\"off\" global_colors_info=\"{}\"][\/et_pb_image][et_pb_text _builder_version=\"4.27.4\" _module_preset=\"default\" text_font=\"|300|||||||\" header_4_text_color=\"#004FA3\" header_4_font_size=\"16px\" header_5_font=\"|700||on|||||\" header_5_font_size=\"22px\" header_5_line_height=\"1.3em\" header_6_text_color=\"#004FA3\" header_6_font_size=\"18px\" locked=\"off\" global_colors_info=\"{}\"]<\/p><h5>Elaine Hart \u2013 Francisca - Regional Manager<\/h5><h6>South America & Caribbean<\/h6><blockquote><p>\u201cThere is nothing more special than sharing and selling my island, Cura\u00e7ao, as an authentic tourism destination.\u201d<\/p><\/blockquote><p>Elaine started her tourism career at the Cura\u00e7ao Tourist Board, right after she graduated with a Bachelor\u2019s Degree in Business Administration, majoring in Tourism and Hospitality Management. She first started off in the Marketing Department, coordinating all the marketing and public relations initiatives for both the Caribbean and the South American markets.<\/p><p>Now as the Regional Manager of the Caribbean, Elaine has the amazing opportunity to manage the Caribbean region, i.a. further reinforce trade relationships within the markets, to achieve the primary goal of increasing the Caribbean visitor arrival numbers.<\/p><p>Elaine remains at your service for any questions you may have about our beautiful destination, let\u2019s work together on increasing intra-Caribbean travel.[\/et_pb_text][et_pb_text _builder_version=\"4.27.4\" _module_preset=\"default\" text_font=\"|300|||||||\" link_font=\"|600|||||||\" link_text_color=\"#004FA3\" header_4_font=\"|700|||||||\" header_4_text_color=\"#f5a81c\" header_4_font_size=\"20px\" locked=\"off\" global_colors_info=\"{}\"]<\/p><h4>Contact details:<\/h4><p>E-mail: <a href=\"mailto:efrancisca@curacao.com\">efrancisca@curacao.com<\/a><br \/>Phone: +599 9 510-8081<\/p><p>[\/et_pb_text][\/et_pb_column][et_pb_column type=\"1_3\" _builder_version=\"4.16\" _module_preset=\"default\" global_colors_info=\"{}\"][et_pb_image src=\"https:\/\/www.curacao-agents.com\/wp-content\/uploads\/2024\/03\/Susan_Vrolijk-2.jpg\" title_text=\"Susan_Vrolijk-2\" disabled_on=\"off|off|off\" _builder_version=\"4.23.4\" _module_preset=\"default\" global_colors_info=\"{}\"][\/et_pb_image][et_pb_text disabled_on=\"off|off|off\" _builder_version=\"4.27.4\" _module_preset=\"default\" text_font=\"|300|||||||\" header_4_text_color=\"#004FA3\" header_4_font_size=\"16px\" header_5_font=\"|700||on|||||\" header_5_font_size=\"22px\" header_5_line_height=\"1.3em\" header_6_text_color=\"#004FA3\" header_6_font_size=\"18px\" global_colors_info=\"{}\"]<\/p><h5>Susan Vrolijk - Regional Manager<\/h5><h6>Europe<\/h6><blockquote><p>\"I love sharing the passion I feel for our beautiful island with our European travel partners.\"<\/p><\/blockquote><p>Susan Vrolijk was appointed as regional manager \u2013 Europe in February 2024. With a wealth of experience in marketing and communication across different roles in the consultancy business, Susan is now taking on the responsibility to promote her beloved home island of Cura\u00e7ao to European travelers.<\/p><p>Cura\u00e7ao is so much more than just sun, sea and beach. Once you have visited Cura\u00e7ao, you will bring home the warmth and hospitality of the people, the colors, vibes and tastes that will remind you of our unique island in the Southern Caribbean. The best thing about my job is the product and the people. We are continuously developing to increase the quality of our product. I personally think that is very important.[\/et_pb_text][et_pb_text disabled_on=\"off|off|off\" _builder_version=\"4.27.4\" _module_preset=\"default\" text_font=\"|300|||||||\" link_font=\"|600|||||||\" link_text_color=\"#004FA3\" header_4_font=\"|700|||||||\" header_4_text_color=\"#f5a81c\" header_4_font_size=\"20px\" global_colors_info=\"{}\"]<\/p><h4>Contact details:<\/h4><p>E-mail: <a href=\"mailto:svrolijk@curacao.com\">svrolijk@curacao.com<\/a><br \/>Phone: +31 612 992 982<\/p><p>[\/et_pb_text][\/et_pb_column][\/et_pb_row][\/et_pb_section]<\/p>","_et_gb_content_width":"","footnotes":""},"class_list":["post-2112","page","type-page","status-publish","hentry"],"_links":{"self":[{"href":"https:\/\/www.curacao-agents.com\/pt-br\/wp-json\/wp\/v2\/pages\/2112","targetHints":{"allow":["GET"]}}],"collection":[{"href":"https:\/\/www.curacao-agents.com\/pt-br\/wp-json\/wp\/v2\/pages"}],"about":[{"href":"https:\/\/www.curacao-agents.com\/pt-br\/wp-json\/wp\/v2\/types\/page"}],"author":[{"embeddable":true,"href":"https:\/\/www.curacao-agents.com\/pt-br\/wp-json\/wp\/v2\/users\/4"}],"replies":[{"embeddable":true,"href":"https:\/\/www.curacao-agents.com\/pt-br\/wp-json\/wp\/v2\/comments?post=2112"}],"version-history":[{"count":6,"href":"https:\/\/www.curacao-agents.com\/pt-br\/wp-json\/wp\/v2\/pages\/2112\/revisions"}],"predecessor-version":[{"id":2692,"href":"https:\/\/www.curacao-agents.com\/pt-br\/wp-json\/wp\/v2\/pages\/2112\/revisions\/2692"}],"wp:attachment":[{"href":"https:\/\/www.curacao-agents.com\/pt-br\/wp-json\/wp\/v2\/media?parent=2112"}],"curies":[{"name":"wp","href":"https:\/\/api.w.org\/{rel}","templated":true}]}}